{"id":139,"date":"2018-08-31T16:11:06","date_gmt":"2018-08-31T13:11:06","guid":{"rendered":"http:\/\/oulunensiapuryhma.net\/?page_id=139"},"modified":"2026-04-27T13:47:36","modified_gmt":"2026-04-27T10:47:36","slug":"kauden-ohjelma","status":"publish","type":"page","link":"https:\/\/oulunensiapuryhma.net\/index.php\/kauden-ohjelma\/","title":{"rendered":"Kauden ohjelma"},"content":{"rendered":"\n<p><strong>Kev\u00e4\u00e4n 2026 ohjelma<\/strong><\/p>\n\n\n\n<p><\/p>\n\n\n\n<p class=\"has-small-font-size\"><em>(P\u00e4ivitetty 27.4.2026)<\/em><\/p>\n\n\n\n<p><\/p>\n\n\n\n<p>Pyrimme parhaamme mukaan pit\u00e4m\u00e4\u00e4n t\u00e4m\u00e4n ohjelman ajantasalla, mutta toisinaan ohjelmaan saattaa tulla muutoksia pikaisellakin aikataululla esim. sairastapausten vuoksi. Ajantasaisin tieto viikon ryhm\u00e4illan sis\u00e4ll\u00f6st\u00e4 l\u00f6ytyy ryhm\u00e4n <a href=\"https:\/\/fi-fi.facebook.com\/oulunensiapuryhma\/\" data-type=\"URL\" data-id=\"https:\/\/fi-fi.facebook.com\/oulunensiapuryhma\/\" target=\"_blank\" rel=\"noreferrer noopener\">facebook-sivulta<\/a> aina alkuviikosta.<\/p>\n\n\n\n<p><strong>22.1.<\/strong> Peruselintoimintojen  h\u00e4iri\u00f6t<\/p>\n\n\n\n<p><strong>29.1.<\/strong> Sairaskohtaukset<\/p>\n\n\n\n<p><strong>5.2.<\/strong> Henkinen tuki<\/p>\n\n\n\n<p><strong>12.2.<\/strong> H\u00e4t\u00e4ensiapu<\/p>\n\n\n\n<p><strong>19.2<\/strong><em>.<\/em> Tajuttoman ensiapu ja elvytys<\/p>\n\n\n\n<p><strong>26.2.<\/strong> Piirin terveydenhuollon suunnittelijan vierailu<\/p>\n\n\n\n<p><em><strong>5.3.<\/strong> Talviloma (ei ryhm\u00e4iltaa)<\/em><\/p>\n\n\n\n<p><strong>12.3.<\/strong> Parity\u00f6skentely<\/p>\n\n\n\n<p><strong>19.3.<\/strong> Rastiharjoitus<\/p>\n\n\n\n<p><strong>26.3.<\/strong> cABCDE ja ISBAR<\/p>\n\n\n\n<p><em><strong>2.4.<\/strong> Kiirastorstai (ei ryhm\u00e4iltaa)<\/em><\/p>\n\n\n\n<p><strong>9.4.<\/strong> Elvytys, erikoispiirteit\u00e4 ja -tapauksia<\/p>\n\n\n\n<p><strong>16.4.<\/strong> Lasten ensiapu<\/p>\n\n\n\n<p><strong>23.4.<\/strong> Nostot ja siirrot<\/p>\n\n\n\n<p><em><strong>30.4.<\/strong> Vappuaatto (ei ryhm\u00e4iltaa)<\/em><\/p>\n\n\n\n<p><strong>7.5.<\/strong> Pelastuskoirat<\/p>\n\n\n\n<p><em><strong>14.5.<\/strong> Helatorstai (ei ryhm\u00e4iltaa)<\/em><\/p>\n\n\n\n<p><strong>21.5.<\/strong> Anafylaksia, allergiset reaktiot, puremat<\/p>\n\n\n\n<p><strong>28.5.<\/strong> Kev\u00e4tkauden p\u00e4\u00e4tt\u00e4j\u00e4iset<\/p>\n\n\n\n<p><\/p>\n\n\n\n<p><\/p>\n\n\n\n<p><\/p>\n","protected":false},"excerpt":{"rendered":"<p>Kev\u00e4\u00e4n 2026 ohjelma (P\u00e4ivitetty 27.4.2026) Pyrimme parhaamme mukaan pit\u00e4m\u00e4\u00e4n t\u00e4m\u00e4n ohjelman ajantasalla, mutta toisinaan ohjelmaan saattaa tulla muutoksia pikaisellakin aikataululla esim. sairastapausten vuoksi. Ajantasaisin tieto viikon ryhm\u00e4illan sis\u00e4ll\u00f6st\u00e4 l\u00f6ytyy ryhm\u00e4n facebook-sivulta aina alkuviikosta. 22.1. Peruselintoimintojen h\u00e4iri\u00f6t 29.1. Sairaskohtaukset 5.2. Henkinen tuki 12.2. H\u00e4t\u00e4ensiapu 19.2. Tajuttoman ensiapu ja elvytys 26.2. Piirin terveydenhuollon suunnittelijan vierailu 5.3. Talviloma &hellip; <\/p>\n<p class=\"link-more\"><a href=\"https:\/\/oulunensiapuryhma.net\/index.php\/kauden-ohjelma\/\" class=\"more-link\">Jatka lukemista<span class=\"screen-reader-text\"> &#8221;Kauden ohjelma&#8221;<\/span><\/a><\/p>\n","protected":false},"author":1,"featured_media":16,"parent":0,"menu_order":0,"comment_status":"closed","ping_status":"closed","template":"","meta":{"footnotes":""},"class_list":["post-139","page","type-page","status-publish","has-post-thumbnail","hentry"],"_links":{"self":[{"href":"https:\/\/oulunensiapuryhma.net\/index.php\/wp-json\/wp\/v2\/pages\/139","targetHints":{"allow":["GET"]}}],"collection":[{"href":"https:\/\/oulunensiapuryhma.net\/index.php\/wp-json\/wp\/v2\/pages"}],"about":[{"href":"https:\/\/oulunensiapuryhma.net\/index.php\/wp-json\/wp\/v2\/types\/page"}],"author":[{"embeddable":true,"href":"https:\/\/oulunensiapuryhma.net\/index.php\/wp-json\/wp\/v2\/users\/1"}],"replies":[{"embeddable":true,"href":"https:\/\/oulunensiapuryhma.net\/index.php\/wp-json\/wp\/v2\/comments?post=139"}],"version-history":[{"count":97,"href":"https:\/\/oulunensiapuryhma.net\/index.php\/wp-json\/wp\/v2\/pages\/139\/revisions"}],"predecessor-version":[{"id":484,"href":"https:\/\/oulunensiapuryhma.net\/index.php\/wp-json\/wp\/v2\/pages\/139\/revisions\/484"}],"wp:featuredmedia":[{"embeddable":true,"href":"https:\/\/oulunensiapuryhma.net\/index.php\/wp-json\/wp\/v2\/media\/16"}],"wp:attachment":[{"href":"https:\/\/oulunensiapuryhma.net\/index.php\/wp-json\/wp\/v2\/media?parent=139"}],"curies":[{"name":"wp","href":"https:\/\/api.w.org\/{rel}","templated":true}]}}